{"id":718,"date":"2016-05-14T07:16:41","date_gmt":"2016-05-14T07:16:41","guid":{"rendered":"https:\/\/www.larvaledopeso.pt\/?page_id=718"},"modified":"2022-08-07T14:34:11","modified_gmt":"2022-08-07T14:34:11","slug":"socios","status":"publish","type":"page","link":"https:\/\/www.aatif-fortios.pt\/?page_id=718","title":{"rendered":"S\u00f3cios"},"content":{"rendered":"\n<p class=\"has-text-align-center\"><strong>Inscri\u00e7\u00e3o para S\u00f3cios<\/strong><\/p>\n\n\n\n<p>A qualidade de associado adquire-se pela inscri\u00e7\u00e3o em registo pr\u00f3prio e o pagamento de:<\/p>\n\n\n\n<ul class=\"wp-block-list\"><li>5\u20ac &#8211; J\u00f3ia m\u00ednima de inscri\u00e7\u00e3o<\/li><li>1\u20ac &#8211; Quota m\u00ednima mensal<\/li><\/ul>\n\n\n\n<p class=\"has-text-align-center\"><strong>Documentos Necess\u00e1rios<\/strong><\/p>\n\n\n\n<p class=\"has-text-align-center\">Bilhete de Identidade ou Cart\u00e3o de Cidad\u00e3o,<\/p>\n\n\n\n<p class=\"has-text-align-center\">N\u00famero de Identifica\u00e7\u00e3o Fiscal,<\/p>\n\n\n\n<p class=\"has-text-align-center\">N\u00famero de Identifica\u00e7\u00e3o da Seguran\u00e7a Social,<\/p>\n\n\n\n<p class=\"has-text-align-center\">Cart\u00e3o de Utente do Servi\u00e7o Nacional de Sa\u00fade.<\/p>\n\n\n\n<div class=\"wp-block-file\"><a id=\"wp-block-file--media-8865147b-6254-4f0c-a900-0fc04214e4cf\" href=\"https:\/\/www.aatif-fortios.pt\/wp-content\/uploads\/2020\/07\/FICHA-DE-S\u00d3CIO-2.pdf\" target=\"_blank\" rel=\"noreferrer noopener\">FICHA DE S\u00d3CIO<\/a><a href=\"https:\/\/www.aatif-fortios.pt\/wp-content\/uploads\/2020\/07\/FICHA-DE-S\u00d3CIO-2.pdf\" class=\"wp-block-file__button\" download aria-describedby=\"wp-block-file--media-8865147b-6254-4f0c-a900-0fc04214e4cf\">Descarregar<\/a><\/div>\n","protected":false},"excerpt":{"rendered":"<p>Inscri\u00e7\u00e3o para S\u00f3cios A qualidade de associado adquire-se pela inscri\u00e7\u00e3o em registo pr\u00f3prio e o pagamento de: 5\u20ac &#8211; J\u00f3ia m\u00ednima de inscri\u00e7\u00e3o 1\u20ac &#8211; Quota m\u00ednima mensal Documentos Necess\u00e1rios Bilhete de Identidade ou Cart\u00e3o de Cidad\u00e3o, N\u00famero de Identifica\u00e7\u00e3o Fiscal, N\u00famero de Identifica\u00e7\u00e3o da Seguran\u00e7a Social, Cart\u00e3o de Utente do Servi\u00e7o Nacional de Sa\u00fade.<\/p>\n","protected":false},"author":3,"featured_media":0,"parent":537,"menu_order":0,"comment_status":"closed","ping_status":"closed","template":"","meta":{"ngg_post_thumbnail":0,"footnotes":""},"class_list":["post-718","page","type-page","status-publish","hentry"],"_links":{"self":[{"href":"https:\/\/www.aatif-fortios.pt\/index.php?rest_route=\/wp\/v2\/pages\/718","targetHints":{"allow":["GET"]}}],"collection":[{"href":"https:\/\/www.aatif-fortios.pt\/index.php?rest_route=\/wp\/v2\/pages"}],"about":[{"href":"https:\/\/www.aatif-fortios.pt\/index.php?rest_route=\/wp\/v2\/types\/page"}],"author":[{"embeddable":true,"href":"https:\/\/www.aatif-fortios.pt\/index.php?rest_route=\/wp\/v2\/users\/3"}],"replies":[{"embeddable":true,"href":"https:\/\/www.aatif-fortios.pt\/index.php?rest_route=%2Fwp%2Fv2%2Fcomments&post=718"}],"version-history":[{"count":11,"href":"https:\/\/www.aatif-fortios.pt\/index.php?rest_route=\/wp\/v2\/pages\/718\/revisions"}],"predecessor-version":[{"id":2112,"href":"https:\/\/www.aatif-fortios.pt\/index.php?rest_route=\/wp\/v2\/pages\/718\/revisions\/2112"}],"up":[{"embeddable":true,"href":"https:\/\/www.aatif-fortios.pt\/index.php?rest_route=\/wp\/v2\/pages\/537"}],"wp:attachment":[{"href":"https:\/\/www.aatif-fortios.pt\/index.php?rest_route=%2Fwp%2Fv2%2Fmedia&parent=718"}],"curies":[{"name":"wp","href":"https:\/\/api.w.org\/{rel}","templated":true}]}}